{"id":2280,"date":"2025-11-03T13:47:59","date_gmt":"2025-11-03T12:47:59","guid":{"rendered":"https:\/\/deglazentoren.be\/particulieren\/fete-restauration\/bouchees-pour-la-reception\/"},"modified":"2025-11-03T13:48:10","modified_gmt":"2025-11-03T12:48:10","slug":"bouchees-pour-la-reception","status":"publish","type":"page","link":"https:\/\/deglazentoren.be\/particulieren\/fete-restauration\/bouchees-pour-la-reception\/","title":{"rendered":"Bouch\u00e9es pour la r\u00e9ception"},"content":{"rendered":"\n<h1>\n\t\tReceptiehapjes\n\t<\/h1>\n\t\t\t\t\t\t\t\t\t\tKoude hapjes\t\t\t\t\t\t\t\t\t\n\t\t\t\u20ac 2,20 per hapje\n\t\t\t\t\t\t\t\t<ul><li>Tataki van zalm met wasabicrumble en limoen<\/li><li>Geitenkaas met krokant van peperkoek en appel<\/li><li>Cr\u00e8me van pompoen met kastanje<\/li><li>Bladerdeegwafeltje met roquefort en tomaat<\/li><li>Sint-Jacobsnootje met bieslook en granaatappel<\/li><li>Tonijn met puntje limoen<\/li><li>Avocado met geroosterde notencrumble<\/li><li>Cr\u00e8me br\u00fbl\u00e9e van makreel<\/li><li>Rundscarpaccio met parmezaan en balsamico<\/li><\/ul>\t\t\t\t\t\t\t\t\n\t\t\t\u20ac 2,20 per hapje\n\t\t\t\t\t\t\t\t\t\tWarme hapjes\t\t\t\t\t\t\t\t\t\n\t\t\t\u20ac 2,20 per hapje\n\t\t\t\t\t\t\t\t<ul><li>Gratin van zoete aardappel met zure room<\/li><li>Soepje van pastinaak met kastanjeschuim<\/li><li>Gemarineerde scampi<\/li><li>Schuimig soepje van courgette<\/li><li>Kroketje met ma\u00efs en parmezaan<\/li><li>Gegrilde eendenborst met sinaasappel<\/li><li>Boudin met gestoofde appel<\/li><li>Cannelloni met romige kreeftenbisque<\/li><li>Gegrilde zeebaars met espuma van mango<\/li><li>Hartig pannenkoekje met roomkaas en serranoham<\/li><li>Aardappelpannenkoekje met gerookte zalm<\/li><li>Italiaanse mini-croque<\/li><\/ul>\t\t\t\t\t\t\t\t\n\t\t\t\u20ac 2,20 per hapje\n\t\t\t\t\t\t\t\t\t\tZoete hapjes\t\t\t\t\t\t\t\t\t\n\t\t\t\u20ac 2,20 per hapje\n\t\t\t\t\t\t\t\t<ul><li>Chocolade met rode vruchten<\/li><li>Eigentijdse creatie van tiramisu<\/li><li>Cr\u00e8me br\u00fbl\u00e9e met advocaat en speculaas<\/li><\/ul>\t\t\t\t\t\t\t\t\n\t\t\t\u20ac 2,20 per hapje\n\t\t\t<a href=\"\/particulieren\/catering-feest#volledigaanbod\" target=\"_self\" rel=\"noopener\">\n\t\t\t\t\t\t\tBekijk ons volledige aanbod\n\t\t\t<\/a>\n\n","protected":false},"excerpt":{"rendered":"<p>Receptiehapjes Koude hapjes \u20ac 2,20 per hapje Tataki van zalm met wasabicrumble en limoen Geitenkaas met krokant van peperkoek en appel Cr\u00e8me van pompoen met kastanje Bladerdeegwafeltje met roquefort en tomaat Sint-Jacobsnootje met bieslook en granaatappel Tonijn met puntje limoen Avocado met geroosterde notencrumble Cr\u00e8me br\u00fbl\u00e9e van makreel Rundscarpaccio met parmezaan en balsamico \u20ac 2,20 [&hellip;]<\/p>\n","protected":false},"author":1,"featured_media":0,"parent":2230,"menu_order":0,"comment_status":"closed","ping_status":"closed","template":"","meta":{"site-sidebar-layout":"no-sidebar","site-content-layout":"page-builder","ast-site-content-layout":"full-width-container","site-content-style":"unboxed","site-sidebar-style":"unboxed","ast-global-header-display":"","ast-banner-title-visibility":"","ast-main-header-display":"","ast-hfb-above-header-display":"","ast-hfb-below-header-display":"","ast-hfb-mobile-header-display":"","site-post-title":"disabled","ast-breadcrumbs-content":"","ast-featured-img":"disabled","footer-sml-layout":"","theme-transparent-header-meta":"","adv-header-id-meta":"","stick-header-meta":"","header-above-stick-meta":"","header-main-stick-meta":"","header-below-stick-meta":"","astra-migrate-meta-layouts":"default","ast-page-background-enabled":"default","ast-page-background-meta":{"desktop":{"background-color":"","background-image":"","background-repeat":"repeat","background-position":"center center","background-size":"auto","background-attachment":"scroll","background-type":"","background-media":"","overlay-type":"","overlay-color":"","overlay-opacity":"","overlay-gradient":""},"tablet":{"background-color":"","background-image":"","background-repeat":"repeat","background-position":"center center","background-size":"auto","background-attachment":"scroll","background-type":"","background-media":"","overlay-type":"","overlay-color":"","overlay-opacity":"","overlay-gradient":""},"mobile":{"background-color":"","background-image":"","background-repeat":"repeat","background-position":"center center","background-size":"auto","background-attachment":"scroll","background-type":"","background-media":"","overlay-type":"","overlay-color":"","overlay-opacity":"","overlay-gradient":""}},"ast-content-background-meta":{"desktop":{"background-color":"var(--ast-global-color-5)","background-image":"","background-repeat":"repeat","background-position":"center center","background-size":"auto","background-attachment":"scroll","background-type":"","background-media":"","overlay-type":"","overlay-color":"","overlay-opacity":"","overlay-gradient":""},"tablet":{"background-color":"var(--ast-global-color-5)","background-image":"","background-repeat":"repeat","background-position":"center center","background-size":"auto","background-attachment":"scroll","background-type":"","background-media":"","overlay-type":"","overlay-color":"","overlay-opacity":"","overlay-gradient":""},"mobile":{"background-color":"var(--ast-global-color-5)","background-image":"","background-repeat":"repeat","background-position":"center center","background-size":"auto","background-attachment":"scroll","background-type":"","background-media":"","overlay-type":"","overlay-color":"","overlay-opacity":"","overlay-gradient":""}},"footnotes":""},"class_list":["post-2280","page","type-page","status-publish","hentry"],"yoast_head":"<!-- This site is optimized with the Yoast SEO plugin v26.3 - https:\/\/yoast.com\/wordpress\/plugins\/seo\/ -->\n<title>Bouch\u00e9es pour la r\u00e9ception | Ter Heyde \u00e0 Gooik<\/title>\n<meta name=\"robots\" content=\"index, follow, max-snippet:-1, max-image-preview:large, max-video-preview:-1\" \/>\n<link rel=\"canonical\" href=\"https:\/\/deglazentoren.be\/particulieren\/fr\/fete-restauration\/bouchees-pour-la-reception\/\" \/>\n<meta property=\"og:locale\" content=\"nl_NL\" \/>\n<meta property=\"og:type\" content=\"article\" \/>\n<meta property=\"og:title\" content=\"Bouch\u00e9es pour la r\u00e9ception | Ter Heyde \u00e0 Gooik\" \/>\n<meta property=\"og:description\" content=\"Receptiehapjes Koude hapjes \u20ac 2,20 per hapje Tataki van zalm met wasabicrumble en limoen Geitenkaas met krokant van peperkoek en appel Cr\u00e8me van pompoen met kastanje Bladerdeegwafeltje met roquefort en tomaat Sint-Jacobsnootje met bieslook en granaatappel Tonijn met puntje limoen Avocado met geroosterde notencrumble Cr\u00e8me br\u00fbl\u00e9e van makreel Rundscarpaccio met parmezaan en balsamico \u20ac 2,20 [&hellip;]\" \/>\n<meta property=\"og:url\" content=\"https:\/\/deglazentoren.be\/particulieren\/fr\/fete-restauration\/bouchees-pour-la-reception\/\" \/>\n<meta property=\"og:site_name\" content=\"De Glazen Toren Particulieren\" \/>\n<meta property=\"article:publisher\" content=\"https:\/\/www.facebook.com\/people\/Feestzaal-De-Glazen-Toren\/61579829908410\/\" \/>\n<meta property=\"article:modified_time\" content=\"2025-11-03T12:48:10+00:00\" \/>\n<meta name=\"twitter:card\" content=\"summary_large_image\" \/>\n<meta name=\"twitter:label1\" content=\"Geschatte leestijd\" \/>\n\t<meta name=\"twitter:data1\" content=\"1 minuut\" \/>\n<script type=\"application\/ld+json\" class=\"yoast-schema-graph\">{\"@context\":\"https:\/\/schema.org\",\"@graph\":[{\"@type\":\"WebPage\",\"@id\":\"https:\/\/deglazentoren.be\/particulieren\/fr\/fete-restauration\/bouchees-pour-la-reception\/\",\"url\":\"https:\/\/deglazentoren.be\/particulieren\/fr\/fete-restauration\/bouchees-pour-la-reception\/\",\"name\":\"Bouch\u00e9es pour la r\u00e9ception | Ter Heyde \u00e0 Gooik\",\"isPartOf\":{\"@id\":\"https:\/\/deglazentoren.be\/particulieren\/#website\"},\"datePublished\":\"2025-11-03T12:47:59+00:00\",\"dateModified\":\"2025-11-03T12:48:10+00:00\",\"breadcrumb\":{\"@id\":\"https:\/\/deglazentoren.be\/particulieren\/fr\/fete-restauration\/bouchees-pour-la-reception\/#breadcrumb\"},\"inLanguage\":\"nl-NL\",\"potentialAction\":[{\"@type\":\"ReadAction\",\"target\":[\"https:\/\/deglazentoren.be\/particulieren\/fr\/fete-restauration\/bouchees-pour-la-reception\/\"]}]},{\"@type\":\"BreadcrumbList\",\"@id\":\"https:\/\/deglazentoren.be\/particulieren\/fr\/fete-restauration\/bouchees-pour-la-reception\/#breadcrumb\",\"itemListElement\":[{\"@type\":\"ListItem\",\"position\":1,\"name\":\"Home\",\"item\":\"https:\/\/deglazentoren.be\/particulieren\/\"},{\"@type\":\"ListItem\",\"position\":2,\"name\":\"Restauration f\u00eate\",\"item\":\"https:\/\/deglazentoren.be\/particulieren\/fr\/fete-restauration\/\"},{\"@type\":\"ListItem\",\"position\":3,\"name\":\"Bouch\u00e9es pour la r\u00e9ception\"}]},{\"@type\":\"WebSite\",\"@id\":\"https:\/\/deglazentoren.be\/particulieren\/#website\",\"url\":\"https:\/\/deglazentoren.be\/particulieren\/\",\"name\":\"De Glazen Toren Particulieren\",\"description\":\"Een authentieke locatie voor je feest\",\"publisher\":{\"@id\":\"https:\/\/deglazentoren.be\/particulieren\/#organization\"},\"potentialAction\":[{\"@type\":\"SearchAction\",\"target\":{\"@type\":\"EntryPoint\",\"urlTemplate\":\"https:\/\/deglazentoren.be\/particulieren\/?s={search_term_string}\"},\"query-input\":{\"@type\":\"PropertyValueSpecification\",\"valueRequired\":true,\"valueName\":\"search_term_string\"}}],\"inLanguage\":\"nl-NL\"},{\"@type\":\"Organization\",\"@id\":\"https:\/\/deglazentoren.be\/particulieren\/#organization\",\"name\":\"De Glazen Toren\",\"url\":\"https:\/\/deglazentoren.be\/particulieren\/\",\"logo\":{\"@type\":\"ImageObject\",\"inLanguage\":\"nl-NL\",\"@id\":\"https:\/\/deglazentoren.be\/particulieren\/#\/schema\/logo\/image\/\",\"url\":\"https:\/\/deglazentoren.be\/particulieren\/wp-content\/uploads\/sites\/3\/2025\/10\/Logo-De-Glazen-Toren.png\",\"contentUrl\":\"https:\/\/deglazentoren.be\/particulieren\/wp-content\/uploads\/sites\/3\/2025\/10\/Logo-De-Glazen-Toren.png\",\"width\":573,\"height\":426,\"caption\":\"De Glazen Toren\"},\"image\":{\"@id\":\"https:\/\/deglazentoren.be\/particulieren\/#\/schema\/logo\/image\/\"},\"sameAs\":[\"https:\/\/www.facebook.com\/people\/Feestzaal-De-Glazen-Toren\/61579829908410\/\",\"https:\/\/www.instagram.com\/feestzaaldeglazentoren\/\/#\"]}]}<\/script>\n<!-- \/ Yoast SEO plugin. -->","yoast_head_json":{"title":"Bouch\u00e9es pour la r\u00e9ception | Ter Heyde \u00e0 Gooik","robots":{"index":"index","follow":"follow","max-snippet":"max-snippet:-1","max-image-preview":"max-image-preview:large","max-video-preview":"max-video-preview:-1"},"canonical":"https:\/\/deglazentoren.be\/particulieren\/fr\/fete-restauration\/bouchees-pour-la-reception\/","og_locale":"nl_NL","og_type":"article","og_title":"Bouch\u00e9es pour la r\u00e9ception | Ter Heyde \u00e0 Gooik","og_description":"Receptiehapjes Koude hapjes \u20ac 2,20 per hapje Tataki van zalm met wasabicrumble en limoen Geitenkaas met krokant van peperkoek en appel Cr\u00e8me van pompoen met kastanje Bladerdeegwafeltje met roquefort en tomaat Sint-Jacobsnootje met bieslook en granaatappel Tonijn met puntje limoen Avocado met geroosterde notencrumble Cr\u00e8me br\u00fbl\u00e9e van makreel Rundscarpaccio met parmezaan en balsamico \u20ac 2,20 [&hellip;]","og_url":"https:\/\/deglazentoren.be\/particulieren\/fr\/fete-restauration\/bouchees-pour-la-reception\/","og_site_name":"De Glazen Toren Particulieren","article_publisher":"https:\/\/www.facebook.com\/people\/Feestzaal-De-Glazen-Toren\/61579829908410\/","article_modified_time":"2025-11-03T12:48:10+00:00","twitter_card":"summary_large_image","twitter_misc":{"Geschatte leestijd":"1 minuut"},"schema":{"@context":"https:\/\/schema.org","@graph":[{"@type":"WebPage","@id":"https:\/\/deglazentoren.be\/particulieren\/fr\/fete-restauration\/bouchees-pour-la-reception\/","url":"https:\/\/deglazentoren.be\/particulieren\/fr\/fete-restauration\/bouchees-pour-la-reception\/","name":"Bouch\u00e9es pour la r\u00e9ception | Ter Heyde \u00e0 Gooik","isPartOf":{"@id":"https:\/\/deglazentoren.be\/particulieren\/#website"},"datePublished":"2025-11-03T12:47:59+00:00","dateModified":"2025-11-03T12:48:10+00:00","breadcrumb":{"@id":"https:\/\/deglazentoren.be\/particulieren\/fr\/fete-restauration\/bouchees-pour-la-reception\/#breadcrumb"},"inLanguage":"nl-NL","potentialAction":[{"@type":"ReadAction","target":["https:\/\/deglazentoren.be\/particulieren\/fr\/fete-restauration\/bouchees-pour-la-reception\/"]}]},{"@type":"BreadcrumbList","@id":"https:\/\/deglazentoren.be\/particulieren\/fr\/fete-restauration\/bouchees-pour-la-reception\/#breadcrumb","itemListElement":[{"@type":"ListItem","position":1,"name":"Home","item":"https:\/\/deglazentoren.be\/particulieren\/"},{"@type":"ListItem","position":2,"name":"Restauration f\u00eate","item":"https:\/\/deglazentoren.be\/particulieren\/fr\/fete-restauration\/"},{"@type":"ListItem","position":3,"name":"Bouch\u00e9es pour la r\u00e9ception"}]},{"@type":"WebSite","@id":"https:\/\/deglazentoren.be\/particulieren\/#website","url":"https:\/\/deglazentoren.be\/particulieren\/","name":"De Glazen Toren Particulieren","description":"Een authentieke locatie voor je feest","publisher":{"@id":"https:\/\/deglazentoren.be\/particulieren\/#organization"},"potentialAction":[{"@type":"SearchAction","target":{"@type":"EntryPoint","urlTemplate":"https:\/\/deglazentoren.be\/particulieren\/?s={search_term_string}"},"query-input":{"@type":"PropertyValueSpecification","valueRequired":true,"valueName":"search_term_string"}}],"inLanguage":"nl-NL"},{"@type":"Organization","@id":"https:\/\/deglazentoren.be\/particulieren\/#organization","name":"De Glazen Toren","url":"https:\/\/deglazentoren.be\/particulieren\/","logo":{"@type":"ImageObject","inLanguage":"nl-NL","@id":"https:\/\/deglazentoren.be\/particulieren\/#\/schema\/logo\/image\/","url":"https:\/\/deglazentoren.be\/particulieren\/wp-content\/uploads\/sites\/3\/2025\/10\/Logo-De-Glazen-Toren.png","contentUrl":"https:\/\/deglazentoren.be\/particulieren\/wp-content\/uploads\/sites\/3\/2025\/10\/Logo-De-Glazen-Toren.png","width":573,"height":426,"caption":"De Glazen Toren"},"image":{"@id":"https:\/\/deglazentoren.be\/particulieren\/#\/schema\/logo\/image\/"},"sameAs":["https:\/\/www.facebook.com\/people\/Feestzaal-De-Glazen-Toren\/61579829908410\/","https:\/\/www.instagram.com\/feestzaaldeglazentoren\/\/#"]}]}},"_links":{"self":[{"href":"https:\/\/deglazentoren.be\/particulieren\/wp-json\/wp\/v2\/pages\/2280","targetHints":{"allow":["GET"]}}],"collection":[{"href":"https:\/\/deglazentoren.be\/particulieren\/wp-json\/wp\/v2\/pages"}],"about":[{"href":"https:\/\/deglazentoren.be\/particulieren\/wp-json\/wp\/v2\/types\/page"}],"author":[{"embeddable":true,"href":"https:\/\/deglazentoren.be\/particulieren\/wp-json\/wp\/v2\/users\/1"}],"replies":[{"embeddable":true,"href":"https:\/\/deglazentoren.be\/particulieren\/wp-json\/wp\/v2\/comments?post=2280"}],"version-history":[{"count":2,"href":"https:\/\/deglazentoren.be\/particulieren\/wp-json\/wp\/v2\/pages\/2280\/revisions"}],"predecessor-version":[{"id":3509,"href":"https:\/\/deglazentoren.be\/particulieren\/wp-json\/wp\/v2\/pages\/2280\/revisions\/3509"}],"up":[{"embeddable":true,"href":"https:\/\/deglazentoren.be\/particulieren\/wp-json\/wp\/v2\/pages\/2230"}],"wp:attachment":[{"href":"https:\/\/deglazentoren.be\/particulieren\/wp-json\/wp\/v2\/media?parent=2280"}],"curies":[{"name":"wp","href":"https:\/\/api.w.org\/{rel}","templated":true}]}}